{"id":139,"date":"2011-05-08T15:47:58","date_gmt":"2011-05-08T13:47:58","guid":{"rendered":"http:\/\/s141058958.onlinehome.fr\/wp\/?page_id=139"},"modified":"2025-03-27T13:29:18","modified_gmt":"2025-03-27T12:29:18","slug":"filieres-generales","status":"publish","type":"page","link":"https:\/\/lyceedechamalieres.fr\/?page_id=139","title":{"rendered":"le Baccalaur\u00e9at G\u00e9n\u00e9ral"},"content":{"rendered":"<h2>La seconde g\u00e9n\u00e9rale<\/h2>\n<p>&nbsp;<\/p>\n<p><img decoding=\"async\" src=\"http:\/\/www.lyceedechamalieres.fr\/images\/stories\/lyg.jpg\" alt=\"\" align=\"left\" \/><\/p>\n<p>Le Lyc\u00e9e g\u00e9n\u00e9ral r\u00e9affirme sa vocation en offrant de nouveaux enseignements\u00a0: humanit\u00e9, litt\u00e9rature et philosophie, LV, litt\u00e9rature et civilisation en allemand ou en anglais, histoire g\u00e9ographie, sciences politiques en plus des enseignements g\u00e9n\u00e9raux \u00ab\u00a0traditionnels\u00a0\u00bb (SES, maths, sciences physiques, SVT, arts plastiques) pour des parcours d\u2019enseignement sup\u00e9rieurs ambitieux (CPGE, \u00a0Ecole d\u2019ing\u00e9nieur, Universit\u00e9\u2026).<\/p>\n<p>Le volume de travail, les exigences et le niveau de r\u00e9flexion sont en classe de Seconde nettement plus \u00e9lev\u00e9s qu\u2019en classe de Troisi\u00e8me. Il est important d\u2019aborder la classe de Seconde avec un bon niveau de connaissances ainsi qu\u2019avec une solide volont\u00e9 d\u2019approfondir son travail personnel et d\u2019enrichir sa culture g\u00e9n\u00e9rale.<\/p>\n<p><strong>Les objectifs de la classe de seconde<\/strong><\/p>\n<ul>\n<li>La consolidation de la ma\u00eetrise du socle commun de connaissances, de comp\u00e9tences et de culture afin de r\u00e9ussir la transition du coll\u00e8ge au lyc\u00e9e<\/li>\n<li>La pr\u00e9paration vers le sup\u00e9rieur<\/li>\n<li>La possibilit\u00e9 du choix d&rsquo;un parcours au sein du cycle terminal jusqu&rsquo;au baccalaur\u00e9at g\u00e9n\u00e9ral.<\/li>\n<\/ul>\n<p><strong>Conditions d\u2019admission<\/strong><\/p>\n<p>Remplir le dossier d\u2019affectation qui sera d\u00e9livr\u00e9 par l\u2019\u00e9tablissement d\u2019origine (en g\u00e9n\u00e9ral par le professeur principal de la classe de 3\u00e8me). La d\u00e9cision de passage en 2<sup>nde<\/sup> g\u00e9n\u00e9rale ou STHR est soumise \u00e0 l\u2019approbation du conseil de classe et \u00e0 l\u2019avis du principal de coll\u00e8ge. Les d\u00e9cisions d\u2019affectation seront transmises aux familles par le coll\u00e8ge fin juin. Les inscriptions au lyc\u00e9e de Chamali\u00e8res se tiendront d\u00e9but juillet.<\/p>\n<p>En savoir plus : <a href=\"https:\/\/eduscol.education.fr\/725\/presentation-du-baccalaureat-general\" target=\"_blank\" rel=\"noopener\">https:\/\/eduscol.education.fr\/725\/presentation-du-baccalaureat-general<\/a><\/p>\n<h2>La sp\u00e9cialit\u00e9 \u00ab\u00a0Sciences Economiques et Sociales\u00a0\u00bb<\/h2>\n<a href=\"\/_pdf\/ses.pdf\" class=\"pdfemb-viewer\" style=\"\" data-width=\"max\" data-height=\"max\" data-mobile-width=\"500\"  data-scrollbar=\"none\" data-download=\"on\" data-tracking=\"on\" data-newwindow=\"on\" data-pagetextbox=\"off\" data-scrolltotop=\"off\" data-startzoom=\"100\" data-startfpzoom=\"100\" data-toolbar=\"both\" data-toolbar-fixed=\"off\">ses<br\/><\/a>\n<p>&nbsp;<\/p>\n<h2>La sp\u00e9cialit\u00e9 \u00ab\u00a0Histoire G\u00e9ographie G\u00e9opolitique et Science Politique\u00a0\u00bb<\/h2>\n<a href=\"\/_pdf\/HGGSP.pdf\" class=\"pdfemb-viewer\" style=\"\" data-width=\"max\" data-height=\"max\" data-mobile-width=\"500\"  data-scrollbar=\"none\" data-download=\"on\" data-tracking=\"on\" data-newwindow=\"on\" data-pagetextbox=\"off\" data-scrolltotop=\"off\" data-startzoom=\"100\" data-startfpzoom=\"100\" data-toolbar=\"both\" data-toolbar-fixed=\"off\">HGGSP<br\/><\/a>\n<p>&nbsp;<\/p>\n<h2>Contenus des programmes \u00e9valu\u00e9s pour l\u2019\u00e9preuve terminale des enseignements de sp\u00e9cialit\u00e9<\/h2>\n<a href=\"\/_pdf\/voiege.pdf\" class=\"pdfemb-viewer\" style=\"\" data-width=\"max\" data-height=\"max\" data-mobile-width=\"500\"  data-scrollbar=\"none\" data-download=\"on\" data-tracking=\"on\" data-newwindow=\"on\" data-pagetextbox=\"off\" data-scrolltotop=\"off\" data-startzoom=\"100\" data-startfpzoom=\"100\" data-toolbar=\"both\" data-toolbar-fixed=\"off\">voiege<br\/><\/a>\n","protected":false},"excerpt":{"rendered":"<p>La seconde g\u00e9n\u00e9rale &nbsp; Le Lyc\u00e9e g\u00e9n\u00e9ral r\u00e9affirme sa vocation en offrant de nouveaux enseignements\u00a0: humanit\u00e9, litt\u00e9rature et philosophie, LV, litt\u00e9rature et civilisation en allemand [&#8230;]<\/p>\n","protected":false},"author":1,"featured_media":0,"parent":319,"menu_order":8,"comment_status":"closed","ping_status":"closed","template":"","meta":{"footnotes":""},"class_list":["post-139","page","type-page","status-publish","hentry"],"_links":{"self":[{"href":"https:\/\/lyceedechamalieres.fr\/index.php?rest_route=\/wp\/v2\/pages\/139","targetHints":{"allow":["GET"]}}],"collection":[{"href":"https:\/\/lyceedechamalieres.fr\/index.php?rest_route=\/wp\/v2\/pages"}],"about":[{"href":"https:\/\/lyceedechamalieres.fr\/index.php?rest_route=\/wp\/v2\/types\/page"}],"author":[{"embeddable":true,"href":"https:\/\/lyceedechamalieres.fr\/index.php?rest_route=\/wp\/v2\/users\/1"}],"replies":[{"embeddable":true,"href":"https:\/\/lyceedechamalieres.fr\/index.php?rest_route=%2Fwp%2Fv2%2Fcomments&post=139"}],"version-history":[{"count":57,"href":"https:\/\/lyceedechamalieres.fr\/index.php?rest_route=\/wp\/v2\/pages\/139\/revisions"}],"predecessor-version":[{"id":14343,"href":"https:\/\/lyceedechamalieres.fr\/index.php?rest_route=\/wp\/v2\/pages\/139\/revisions\/14343"}],"up":[{"embeddable":true,"href":"https:\/\/lyceedechamalieres.fr\/index.php?rest_route=\/wp\/v2\/pages\/319"}],"wp:attachment":[{"href":"https:\/\/lyceedechamalieres.fr\/index.php?rest_route=%2Fwp%2Fv2%2Fmedia&parent=139"}],"curies":[{"name":"wp","href":"https:\/\/api.w.org\/{rel}","templated":true}]}}